{"id":2890,"date":"2016-09-08T06:27:47","date_gmt":"2016-09-08T06:27:47","guid":{"rendered":"https:\/\/hotelciudaddebinefar.com\/promo-especial-despedidas-de-solters\/"},"modified":"2023-03-01T08:32:24","modified_gmt":"2023-03-01T07:32:24","slug":"promo-especial-despedidas-de-solters","status":"publish","type":"page","link":"https:\/\/hotelciudaddebinefar.com\/en\/promo-especial-despedidas-de-solters\/","title":{"rendered":"Promo especial despedidas de solter@s"},"content":{"rendered":"<div class=\"fusion-fullwidth fullwidth-box fusion-builder-row-1 nonhundred-percent-fullwidth non-hundred-percent-height-scrolling\" style=\"--awb-background-position:left top;--awb-border-radius-top-left:0px;--awb-border-radius-top-right:0px;--awb-border-radius-bottom-right:0px;--awb-border-radius-bottom-left:0px;--awb-padding-top:0px;--awb-padding-bottom:95px;--awb-border-sizes-top:0px;--awb-border-sizes-bottom:0px;\" ><div class=\"fusion-builder-row fusion-row\"><div class=\"fusion-layout-column fusion_builder_column fusion-builder-column-0 fusion_builder_column_1_3 1_3 fusion-one-third fusion-column-first\" style=\"--awb-bg-position:right bottom;--awb-bg-size:cover;width:30.6666%; margin-right: 4%;\"><div class=\"fusion-column-wrapper fusion-flex-column-wrapper-legacy\"><div class=\"fusion-text fusion-text-1\"><h2>REVITALIZANTE<\/h2>\n<\/div><div class=\"fusion-sep-clear\"><\/div><div class=\"fusion-separator fusion-clearfix\" style=\"float:left;margin-top:0px;margin-bottom:20px;width:100%;max-width:50px;\"><div class=\"fusion-separator-border sep-single sep-solid\" style=\"--awb-height:20px;--awb-amount:20px;--awb-sep-color:#dd042b;border-color:#dd042b;border-top-width:1px;\"><\/div><\/div><div class=\"fusion-sep-clear\"><\/div><div class=\"fusion-text fusion-text-2\"><p>Precio por persona: <strong>18,00\u20ac<\/strong>\u00a0(novi@ gratis)<\/p>\n<p>Incluye:<\/p>\n<p>GRUPO M\u00cdNIMO: 6 personas.<\/p>\n<\/div><ul style=\"--awb-size:14px;--awb-iconcolor:#dd042b;--awb-line-height:23.8px;--awb-icon-width:23.8px;--awb-icon-height:23.8px;--awb-icon-margin:9.8px;--awb-content-margin:33.6px;\" class=\"fusion-checklist fusion-checklist-1 fusion-checklist-default type-icons\"><li class=\"fusion-li-item\" style=\"\"><span class=\"icon-wrapper circle-no\"><i class=\"fusion-li-icon fa fa-check-circle-o\" aria-hidden=\"true\"><\/i><\/span><div class=\"fusion-li-item-content\">Alojamiento (opcional)<\/div><\/li><li class=\"fusion-li-item\" style=\"\"><span class=\"icon-wrapper circle-no\"><i class=\"fusion-li-icon fa fa-check-circle-o\" aria-hidden=\"true\"><\/i><\/span><div class=\"fusion-li-item-content\">Uso exclusivo del spa para el grupo durante 1 hora<\/div><\/li><\/ul><div class=\"fusion-text fusion-text-3\"><p>GRUPO M\u00cdNIMO: 6 personas.<\/p>\n<\/div><div class=\"fusion-sep-clear\"><\/div><div class=\"fusion-separator fusion-full-width-sep\" style=\"margin-left: auto;margin-right: auto;width:100%;\"><\/div><div class=\"fusion-sep-clear\"><\/div><div class=\"fusion-text fusion-text-4\"><h2>BIENESTAR<\/h2>\n<\/div><div class=\"fusion-text fusion-text-5\"><p>Precio por persona <strong>23,00\u20ac<\/strong> (novi@ gratis)<\/p>\n<p>Incluye:<\/p>\n<\/div><ul style=\"--awb-size:14px;--awb-iconcolor:#dd042b;--awb-line-height:23.8px;--awb-icon-width:23.8px;--awb-icon-height:23.8px;--awb-icon-margin:9.8px;--awb-content-margin:33.6px;\" class=\"fusion-checklist fusion-checklist-2 fusion-checklist-default type-icons\"><li class=\"fusion-li-item\" style=\"\"><span class=\"icon-wrapper circle-no\"><i class=\"fusion-li-icon fa fa-check-circle-o\" aria-hidden=\"true\"><\/i><\/span><div class=\"fusion-li-item-content\">Alojamiento (opcional)<\/div><\/li><li class=\"fusion-li-item\" style=\"\"><span class=\"icon-wrapper circle-no\"><i class=\"fusion-li-icon fa fa-check-circle-o\" aria-hidden=\"true\"><\/i><\/span><div class=\"fusion-li-item-content\">Uso exclusivo del spa para el grupo durante 1 hora<\/div><\/li><\/ul><div class=\"fusion-text fusion-text-6\"><p>GRUPO M\u00cdNIMO: 8 personas.<\/p>\n<\/div><div class=\"fusion-clearfix\"><\/div><\/div><\/div><div class=\"fusion-layout-column fusion_builder_column fusion-builder-column-1 fusion_builder_column_1_3 1_3 fusion-one-third\" style=\"--awb-bg-position:right bottom;--awb-bg-size:cover;width:30.6666%; margin-right: 4%;\"><div class=\"fusion-column-wrapper fusion-flex-column-wrapper-legacy\"><div class=\"fusion-text fusion-text-7\"><h2>BELLEZA PARA TOD@S<\/h2>\n<\/div><div class=\"fusion-sep-clear\"><\/div><div class=\"fusion-separator fusion-clearfix\" style=\"float:left;margin-top:0px;margin-bottom:20px;width:100%;max-width:50px;\"><div class=\"fusion-separator-border sep-single sep-solid\" style=\"--awb-height:20px;--awb-amount:20px;--awb-sep-color:#dd042b;border-color:#dd042b;border-top-width:1px;\"><\/div><\/div><div class=\"fusion-sep-clear\"><\/div><div class=\"fusion-text fusion-text-8\"><p>Precio por persona: <strong>26,00\u20ac<\/strong> (novi@ gratis)<\/p>\n<p>Incluye:<\/p>\n<\/div><ul style=\"--awb-size:14px;--awb-iconcolor:#dd042b;--awb-line-height:23.8px;--awb-icon-width:23.8px;--awb-icon-height:23.8px;--awb-icon-margin:9.8px;--awb-content-margin:33.6px;\" class=\"fusion-checklist fusion-checklist-3 fusion-checklist-default type-icons\"><li class=\"fusion-li-item\" style=\"\"><span class=\"icon-wrapper circle-no\"><i class=\"fusion-li-icon fa fa-check-circle-o\" aria-hidden=\"true\"><\/i><\/span><div class=\"fusion-li-item-content\">Sesi\u00f3n Spa con acceso a club termal.<\/div><\/li><li class=\"fusion-li-item\" style=\"\"><span class=\"icon-wrapper circle-no\"><i class=\"fusion-li-icon fa fa-check-circle-o\" aria-hidden=\"true\"><\/i><\/span><div class=\"fusion-li-item-content\">Envolvimiento corporal con aceite de almendras.<\/div><\/li><\/ul><div class=\"fusion-text fusion-text-9\"><p>GRUPO M\u00cdNIMO: 8 personas.<\/p>\n<\/div><div class=\"fusion-sep-clear\"><\/div><div class=\"fusion-separator fusion-full-width-sep\" style=\"margin-left: auto;margin-right: auto;width:100%;\"><\/div><div class=\"fusion-sep-clear\"><\/div><div class=\"fusion-text fusion-text-10\"><h2>RELAJACI\u00d3N PARA TOD@S<\/h2>\n<\/div><div class=\"fusion-sep-clear\"><\/div><div class=\"fusion-separator fusion-clearfix\" style=\"float:left;margin-top:0px;margin-bottom:20px;width:100%;max-width:50px;\"><div class=\"fusion-separator-border sep-single sep-solid\" style=\"--awb-height:20px;--awb-amount:20px;--awb-sep-color:#dd042b;border-color:#dd042b;border-top-width:1px;\"><\/div><\/div><div class=\"fusion-sep-clear\"><\/div><div class=\"fusion-text fusion-text-11\"><p>Precio por persona: <strong>42,00\u20ac<\/strong> (novi@ gratis)<\/p>\n<p>Incluye:<\/p>\n<\/div><ul style=\"--awb-size:14px;--awb-iconcolor:#dd042b;--awb-line-height:23.8px;--awb-icon-width:23.8px;--awb-icon-height:23.8px;--awb-icon-margin:9.8px;--awb-content-margin:33.6px;\" class=\"fusion-checklist fusion-checklist-4 fusion-checklist-default type-icons\"><li class=\"fusion-li-item\" style=\"\"><span class=\"icon-wrapper circle-no\"><i class=\"fusion-li-icon fa fa-check-circle-o\" aria-hidden=\"true\"><\/i><\/span><div class=\"fusion-li-item-content\">Sesi\u00f3n Spa con acceso a club y circuito termal.<\/div><\/li><li class=\"fusion-li-item\" style=\"\"><span class=\"icon-wrapper circle-no\"><i class=\"fusion-li-icon fa fa-check-circle-o\" aria-hidden=\"true\"><\/i><\/span><div class=\"fusion-li-item-content\">Masaje local a elegir (espalda \/ piernas \/ craneofacial) o un peeling corporal o facial<\/div><\/li><\/ul><div class=\"fusion-text fusion-text-12\"><p>GRUPO M\u00cdNIMO: 6 personas.<\/p>\n<p>GRUPO M\u00c1XIMO: 12 personas.<\/p>\n<\/div><div class=\"fusion-clearfix\"><\/div><\/div><\/div><div class=\"fusion-layout-column fusion_builder_column fusion-builder-column-2 fusion_builder_column_1_3 1_3 fusion-one-third fusion-column-last\" style=\"--awb-padding-top:30px;--awb-padding-right:30px;--awb-padding-bottom:30px;--awb-padding-left:30px;--awb-bg-color:#fcf5f4;--awb-bg-position:right bottom;--awb-bg-size:cover;--awb-border-color:#dd042b;--awb-border-top:1px;--awb-border-right:1px;--awb-border-bottom:1px;--awb-border-left:1px;--awb-border-style:solid;width:30.6666%;\"><div class=\"fusion-column-wrapper fusion-flex-column-wrapper-legacy\"><div class=\"fusion-text fusion-text-13\"><p><strong>Observaciones<\/strong><\/p>\n<ul>\n<li>Previa reserva, seg\u00fan disponibilidad del centro. V\u00e1lido hasta el 31 diciembre 2016<\/li>\n<li>Si el n\u00famero de participantes no alcanza el m\u00ednimo exigido en cada pack,ser\u00e1 necesario abonar igualmente el importe m\u00ednimo, para poder contratar estos programas.<\/li>\n<li>Si desean completar estos programas con alguna actividad multiaventura (paintball, tiro con arco, ruta en quad, rutas a caballo, etc. ) se les proporcionar\u00e1 informaci\u00f3n y contacto de una empresa de actividades multiaventura pr\u00f3xima al centro.<\/li>\n<li>Deber\u00e1n venir provistos de traje de ba\u00f1o, gorro de piscinas y chanclas.<\/li>\n<li>Precios con IVA incluido<\/li>\n<\/ul>\n<\/div><div class=\"fusion-clearfix\"><\/div><\/div><\/div><\/div><\/div>\n","protected":false},"excerpt":{"rendered":"","protected":false},"author":1,"featured_media":0,"parent":0,"menu_order":0,"comment_status":"closed","ping_status":"closed","template":"","meta":[],"yoast_head":"<!-- This site is optimized with the Yoast SEO plugin v20.1 - https:\/\/yoast.com\/wordpress\/plugins\/seo\/ -->\n<title>Promo especial despedidas de solter@s - Hotel Ciudad de Bin\u00e9far<\/title>\n<meta name=\"robots\" content=\"index, follow, max-snippet:-1, max-image-preview:large, max-video-preview:-1\" \/>\n<link rel=\"canonical\" href=\"https:\/\/hotelciudaddebinefar.com\/en\/promo-especial-despedidas-de-solters\/\" \/>\n<meta property=\"og:locale\" content=\"en_US\" \/>\n<meta property=\"og:type\" content=\"article\" \/>\n<meta property=\"og:title\" content=\"Promo especial despedidas de solter@s - Hotel Ciudad de Bin\u00e9far\" \/>\n<meta property=\"og:url\" content=\"https:\/\/hotelciudaddebinefar.com\/en\/promo-especial-despedidas-de-solters\/\" \/>\n<meta property=\"og:site_name\" content=\"Hotel Ciudad de Bin\u00e9far\" \/>\n<meta property=\"article:publisher\" content=\"https:\/\/www.facebook.com\/hotelciudaddebinefar\/\" \/>\n<meta property=\"article:modified_time\" content=\"2023-03-01T07:32:24+00:00\" \/>\n<meta name=\"twitter:card\" content=\"summary_large_image\" \/>\n<meta name=\"twitter:label1\" content=\"Est. reading time\" \/>\n\t<meta name=\"twitter:data1\" content=\"4 minutes\" \/>\n<script type=\"application\/ld+json\" class=\"yoast-schema-graph\">{\"@context\":\"https:\/\/schema.org\",\"@graph\":[{\"@type\":\"WebPage\",\"@id\":\"https:\/\/hotelciudaddebinefar.com\/en\/promo-especial-despedidas-de-solters\/\",\"url\":\"https:\/\/hotelciudaddebinefar.com\/en\/promo-especial-despedidas-de-solters\/\",\"name\":\"Promo especial despedidas de solter@s - Hotel Ciudad de Bin\u00e9far\",\"isPartOf\":{\"@id\":\"https:\/\/hotelciudaddebinefar.com\/#website\"},\"datePublished\":\"2016-09-08T06:27:47+00:00\",\"dateModified\":\"2023-03-01T07:32:24+00:00\",\"breadcrumb\":{\"@id\":\"https:\/\/hotelciudaddebinefar.com\/en\/promo-especial-despedidas-de-solters\/#breadcrumb\"},\"inLanguage\":\"en-US\",\"potentialAction\":[{\"@type\":\"ReadAction\",\"target\":[\"https:\/\/hotelciudaddebinefar.com\/en\/promo-especial-despedidas-de-solters\/\"]}]},{\"@type\":\"BreadcrumbList\",\"@id\":\"https:\/\/hotelciudaddebinefar.com\/en\/promo-especial-despedidas-de-solters\/#breadcrumb\",\"itemListElement\":[{\"@type\":\"ListItem\",\"position\":1,\"name\":\"Portada\",\"item\":\"https:\/\/hotelciudaddebinefar.com\/en\/inicio-principal\/\"},{\"@type\":\"ListItem\",\"position\":2,\"name\":\"Promo especial despedidas de solter@s\"}]},{\"@type\":\"WebSite\",\"@id\":\"https:\/\/hotelciudaddebinefar.com\/#website\",\"url\":\"https:\/\/hotelciudaddebinefar.com\/\",\"name\":\"Hotel Ciudad de Bin\u00e9far\",\"description\":\"Web del Hotel Ciudad de Bin\u00e9far ****, situado en Bin\u00e9far, provincia de Huesca.\",\"potentialAction\":[{\"@type\":\"SearchAction\",\"target\":{\"@type\":\"EntryPoint\",\"urlTemplate\":\"https:\/\/hotelciudaddebinefar.com\/?s={search_term_string}\"},\"query-input\":\"required name=search_term_string\"}],\"inLanguage\":\"en-US\"}]}<\/script>\n<!-- \/ Yoast SEO plugin. -->","yoast_head_json":{"title":"Promo especial despedidas de solter@s - Hotel Ciudad de Bin\u00e9far","robots":{"index":"index","follow":"follow","max-snippet":"max-snippet:-1","max-image-preview":"max-image-preview:large","max-video-preview":"max-video-preview:-1"},"canonical":"https:\/\/hotelciudaddebinefar.com\/en\/promo-especial-despedidas-de-solters\/","og_locale":"en_US","og_type":"article","og_title":"Promo especial despedidas de solter@s - Hotel Ciudad de Bin\u00e9far","og_url":"https:\/\/hotelciudaddebinefar.com\/en\/promo-especial-despedidas-de-solters\/","og_site_name":"Hotel Ciudad de Bin\u00e9far","article_publisher":"https:\/\/www.facebook.com\/hotelciudaddebinefar\/","article_modified_time":"2023-03-01T07:32:24+00:00","twitter_card":"summary_large_image","twitter_misc":{"Est. reading time":"4 minutes"},"schema":{"@context":"https:\/\/schema.org","@graph":[{"@type":"WebPage","@id":"https:\/\/hotelciudaddebinefar.com\/en\/promo-especial-despedidas-de-solters\/","url":"https:\/\/hotelciudaddebinefar.com\/en\/promo-especial-despedidas-de-solters\/","name":"Promo especial despedidas de solter@s - Hotel Ciudad de Bin\u00e9far","isPartOf":{"@id":"https:\/\/hotelciudaddebinefar.com\/#website"},"datePublished":"2016-09-08T06:27:47+00:00","dateModified":"2023-03-01T07:32:24+00:00","breadcrumb":{"@id":"https:\/\/hotelciudaddebinefar.com\/en\/promo-especial-despedidas-de-solters\/#breadcrumb"},"inLanguage":"en-US","potentialAction":[{"@type":"ReadAction","target":["https:\/\/hotelciudaddebinefar.com\/en\/promo-especial-despedidas-de-solters\/"]}]},{"@type":"BreadcrumbList","@id":"https:\/\/hotelciudaddebinefar.com\/en\/promo-especial-despedidas-de-solters\/#breadcrumb","itemListElement":[{"@type":"ListItem","position":1,"name":"Portada","item":"https:\/\/hotelciudaddebinefar.com\/en\/inicio-principal\/"},{"@type":"ListItem","position":2,"name":"Promo especial despedidas de solter@s"}]},{"@type":"WebSite","@id":"https:\/\/hotelciudaddebinefar.com\/#website","url":"https:\/\/hotelciudaddebinefar.com\/","name":"Hotel Ciudad de Bin\u00e9far","description":"Web del Hotel Ciudad de Bin\u00e9far ****, situado en Bin\u00e9far, provincia de Huesca.","potentialAction":[{"@type":"SearchAction","target":{"@type":"EntryPoint","urlTemplate":"https:\/\/hotelciudaddebinefar.com\/?s={search_term_string}"},"query-input":"required name=search_term_string"}],"inLanguage":"en-US"}]}},"_links":{"self":[{"href":"https:\/\/hotelciudaddebinefar.com\/en\/wp-json\/wp\/v2\/pages\/2890"}],"collection":[{"href":"https:\/\/hotelciudaddebinefar.com\/en\/wp-json\/wp\/v2\/pages"}],"about":[{"href":"https:\/\/hotelciudaddebinefar.com\/en\/wp-json\/wp\/v2\/types\/page"}],"author":[{"embeddable":true,"href":"https:\/\/hotelciudaddebinefar.com\/en\/wp-json\/wp\/v2\/users\/1"}],"replies":[{"embeddable":true,"href":"https:\/\/hotelciudaddebinefar.com\/en\/wp-json\/wp\/v2\/comments?post=2890"}],"version-history":[{"count":1,"href":"https:\/\/hotelciudaddebinefar.com\/en\/wp-json\/wp\/v2\/pages\/2890\/revisions"}],"predecessor-version":[{"id":2939,"href":"https:\/\/hotelciudaddebinefar.com\/en\/wp-json\/wp\/v2\/pages\/2890\/revisions\/2939"}],"wp:attachment":[{"href":"https:\/\/hotelciudaddebinefar.com\/en\/wp-json\/wp\/v2\/media?parent=2890"}],"curies":[{"name":"wp","href":"https:\/\/api.w.org\/{rel}","templated":true}]}}